{"version":"1.0","provider_name":"Brioche, avagy kalandoz\u00e1sok a desszertek vil\u00e1g\u00e1ban- Inzulinrezisztens bar\u00e1t alapanyagok felhaszn\u00e1l\u00e1s\u00e1val","provider_url":"https:\/\/brioche.cafeblog.hu","author_name":"TimCsi","author_url":"https:\/\/brioche.cafeblog.hu\/author\/timcsi-2\/","title":"\u201eEl\u00e1ll\u00f3s\u201d Mini pizz\u00e1s csig\u00e1k","html":"<p>Mi\u00f3ta rendszeresen s\u00fct\u00f6k felfigyeltem egy nagyon fontos dologra, minden ami \u201epizz\u00e1s\u201d garant\u00e1lt siker\u2026 \u00dagy l\u00e1tszik, hogy a paradicsom \u2013oreg\u00e1n\u00f3 \u2013fokhagyma - sajt kombin\u00e1ci\u00f3 \u00f6r\u00f6k\u00e9rv\u00e9ny\u0171 kedvenc.<\/p>\r\n<p>B\u00e1rhov\u00e1 is vigyem ezeket a s\u00f3s falatk\u00e1kat, pikk-pakk elt\u0171nnek a vend\u00e9gasztalr\u00f3l \u00e9s nem csak a nagyok, de a kicsik is im\u00e1dj\u00e1k. :)<\/p>\r\n<p>Az egyik szuper dolog benne, hogy s\u00f3s linzert\u00e9szt\u00e1b\u00f3l k\u00e9sz\u00fcl, \u00edgy 3-4 napig eldobozolva kiv\u00e1l\u00f3an b\u00edrja. Meleg sz\u00edvvel aj\u00e1nlom a kipr\u00f3b\u00e1l\u00e1s\u00e1t!<\/p>\r\n<p style=\"text-align: center\"><a href=\"https:\/\/brioche.cafeblog.hu\/files\/2017\/02\/5.jpg\"><img class=\"alignnone size-medium wp-image-3522\" src=\"https:\/\/brioche.cafeblog.hu\/files\/2017\/02\/5-225x300.jpg\" alt=\"\" width=\"225\" height=\"300\" \/><\/a><\/p>\r\n<p style=\"text-align: center\">\u00a0<\/p>\r\n<p><u>Hozz\u00e1val\u00f3k:<\/u><\/p>\r\n<ul>\r\n<li>50 dkg finomliszt<\/li>\r\n<li>1 tk s\u00fct\u0151por<\/li>\r\n<li>1 ek s\u00f3<\/li>\r\n<li>frissen \u0151r\u00f6lt bors, \u00edzl\u00e9s szerint<\/li>\r\n<li>25 dkg margarin<\/li>\r\n<li>1 ek zs\u00edr<\/li>\r\n<li>2 toj\u00e1s s\u00e1rg\u00e1ja<\/li>\r\n<li>3 ek tejf\u00f6l<\/li>\r\n<\/ul>\r\n<p><em>T\u00f6ltel\u00e9k:<\/em><\/p>\r\n<ul>\r\n<li>80 gr s\u0171r\u00edtet paradicsom<\/li>\r\n<li>15 dkg reszelt trappista sajt<\/li>\r\n<li>1 ek sz\u00e1r\u00edtott oreg\u00e1n\u00f3<\/li>\r\n<li>fokhagyma s\u00f3 \u00edzl\u00e9s szerint<\/li>\r\n<\/ul>\r\n<p><em>Ken\u00e9shez:<\/em><\/p>\r\n<ul>\r\n<li>1 toj\u00e1s feh\u00e9rje<\/li>\r\n<li>5 dkg reszelt trappista sajt<\/li>\r\n<\/ul>\r\n<p><u>Elk\u00e9sz\u00edt\u00e9s:<\/u><\/p>\r\n<p>A lisztet szit\u00e1ljuk egy t\u00e1lba, keverj\u00fck \u00f6ssze a s\u00fct\u0151porral, a s\u00f3val \u00e9s a borssal. Ezut\u00e1n morzsoljuk hozz\u00e1 a margarint \u00e9s a zs\u00edrt. Ezt k\u00f6vet\u0151en mehet bele a k\u00e9t toj\u00e1s s\u00e1rg\u00e1ja \u00e9s a tejf\u00f6l, sima linzert\u00e9szt\u00e1t ny\u00fajtunk bel\u0151le.<\/p>\r\n<p style=\"text-align: center\"><a href=\"https:\/\/brioche.cafeblog.hu\/files\/2017\/02\/2.jpg\"><img class=\"alignnone size-medium wp-image-3519\" src=\"https:\/\/brioche.cafeblog.hu\/files\/2017\/02\/2-225x300.jpg\" alt=\"\" width=\"225\" height=\"300\" \/><\/a><\/p>\r\n<p>Lisztezett fel\u00fcleten t\u00e9glalap alak\u00fara ny\u00fajtjuk a t\u00e9szt\u00e1t \u00e9s lekenj\u00fck a paradicsoms\u0171r\u00edtm\u00e9nnyel, ezut\u00e1n megsz\u00f3rjuk az oreg\u00e1n\u00f3val \u00e9s a reszelt sajttal a legv\u00e9g\u00e9n meghintj\u00fck egy kis fokhagymas\u00f3val.<\/p>\r\n<p>A t\u00e9szt\u00e1t feltekerj\u00fck \u00e9s ujjnyi vastag csig\u00e1kat v\u00e1gunk bel\u0151le. Ezeket tegy\u00fck s\u00fct\u0151pap\u00edrral b\u00e9lelt tepsire, kenj\u00fck le a felvert toj\u00e1sfeh\u00e9rj\u00e9vel \u00e9s sz\u00f3rjuk meg a marad\u00e9k reszelt sajttal. El\u0151meleg\u00edtett 180 fokos s\u00fct\u0151ben 20-25 perc alatt k\u00e9sz\u00fclnek el. K\u00f6nny\u0171 elk\u00e9sz\u00edteni \u00e9s nagyon fincsi, j\u00f3 \u00e9tv\u00e1gyat! :))<\/p>\r\n<p style=\"text-align: center\"><a href=\"https:\/\/brioche.cafeblog.hu\/files\/2017\/02\/3.jpg\"><img class=\"alignnone size-medium wp-image-3520\" src=\"https:\/\/brioche.cafeblog.hu\/files\/2017\/02\/3-300x225.jpg\" alt=\"\" width=\"300\" height=\"225\" \/><\/a><\/p>\r\n<p style=\"text-align: center\"><a href=\"https:\/\/brioche.cafeblog.hu\/files\/2017\/02\/4.jpg\"><img class=\"alignnone size-medium wp-image-3521\" src=\"https:\/\/brioche.cafeblog.hu\/files\/2017\/02\/4-300x225.jpg\" alt=\"\" width=\"300\" height=\"225\" \/><\/a><\/p>\r\n<p style=\"text-align: center\">\u00a0<\/p>\r\n<p style=\"text-align: center\"><a href=\"https:\/\/brioche.cafeblog.hu\/files\/2017\/02\/6.jpg\"><img class=\"alignnone size-medium wp-image-3523\" src=\"https:\/\/brioche.cafeblog.hu\/files\/2017\/02\/6-300x225.jpg\" alt=\"\" width=\"300\" height=\"225\" \/><\/a><\/p>","type":"rich"}